{"id":1010,"date":"2026-08-19T20:05:40","date_gmt":"2026-08-19T19:05:40","guid":{"rendered":"https:\/\/efb.at\/?page_id=1010"},"modified":"2026-08-19T20:05:40","modified_gmt":"2026-08-19T19:05:40","slug":"datenschutzhinweise","status":"publish","type":"page","link":"https:\/\/efb.at\/?page_id=1010","title":{"rendered":"Datenschutzhinweise"},"content":{"rendered":"\n<p class=\"wp-block-paragraph\">Diese Datenschutzhinweise erl\u00e4utern die Verarbeitung Ihrer personenbezogenen Daten durch die Europ\u00e4ische F\u00f6deralistische Bewegung (EFB) Wien, (<strong>\u201ewir\u201c<\/strong>) als den f\u00fcr die Verarbeitung Verantwortlichen (Art. 4 Nr. 7 DSGVO) und Ihre Rechte nach der DSGVO.<\/p>\n\n\n\n<p class=\"wp-block-paragraph\"><strong>1. Zwecke der Verarbeitung<\/strong><\/p>\n\n\n\n<p class=\"wp-block-paragraph\"><strong>1.1. Verarbeitung der von Ihnen bereitgestellten personenbezogenen Daten<\/strong><\/p>\n\n\n\n<p class=\"wp-block-paragraph\">Wir verarbeiten personenbezogene Daten, die Sie im Rahmen der Nutzung bestimmter Inhalte und Funktionen auf unserer Website oder in unseren Apps angeben. Wenn Sie zum Beispiel das Kontaktformular nutzen, verarbeiten wir Ihre personenbezogenen Daten, um Ihre Anfrage zu beantworten. Gleiches gilt f\u00fcr die Kontaktaufnahme \u00fcber andere Wege, wie E-Mail, Messenger oder Telefon. Die Rechtsgrundlage f\u00fcr diese Verarbeitung Ihrer personenbezogenen Daten ist Art. 6 (1) b) DSGVO.<\/p>\n\n\n\n<p class=\"wp-block-paragraph\"><strong>1.2. Protokolldaten<\/strong><\/p>\n\n\n\n<p class=\"wp-block-paragraph\">Bei der Nutzung der Website werden bestimmte personenbezogene Daten, einschlie\u00dflich der vom Browser gesendeten Informationen (z.B. IP-Adressen, Arten von Cookies, vorherige Website, Uhrzeit und Datum, angezeigte Inhalte) vor\u00fcbergehend gespeichert. Wir verwenden diese Protokolldaten, um Ihnen die Nutzung unserer Website zu erm\u00f6glichen und ggf. im Falle von Sch\u00e4den oder Verst\u00f6\u00dfen gegen gesetzliche Vorschriften, unsere Nutzungsbedingungen und Rechte Dritter unsere Rechte und die Rechte Dritter zu pr\u00fcfen und durchzusetzen. Die Rechtsgrundlage ist Art. 6 (1) f) DSGVO. Die Logfiles werden so lange gespeichert, wie es f\u00fcr den jeweiligen Zweck erforderlich ist, in der Regel nicht l\u00e4nger als 14 Tage.<\/p>\n\n\n\n<p class=\"wp-block-paragraph\"><strong>1.3. Fotoaufnahmen bei Veranstaltungen<\/strong><\/p>\n\n\n\n<p class=\"wp-block-paragraph\">Foto- und Filmaufnahmen, die unsere Fotografen auf dem Veranstaltungsgel\u00e4nde anfertigen, werden wir f\u00fcr die \u00d6ffentlichkeitsarbeit im Zusammenhang mit der Veranstaltung oder anderen Projekten der Europ\u00e4ischen F\u00f6deralistischen Bewegung (EFB) Wien und die Dokumentation der Veranstaltung verwenden. M\u00f6chtest du nicht auf diesen Fotos und Videos abgebildet sein, teile dies unseren Fotografen bitte direkt mit. Rechtsgrundlage ist Art. 6 (1) f) DSGVO.<\/p>\n\n\n\n<p class=\"wp-block-paragraph\"><strong>1.4. Andere Zwecke, f\u00fcr die wir Ihre personenbezogenen Daten verarbeiten<\/strong><\/p>\n\n\n\n<p class=\"wp-block-paragraph\">Wir verarbeiten Ihre personenbezogenen Daten:<\/p>\n\n\n\n<ul class=\"wp-block-list\">\n<li>zur Erf\u00fcllung von Vertr\u00e4gen und im Rahmen von bestehenden oder neuen Gesch\u00e4ftsbeziehungen. Wir bewahren diese personenbezogenen Daten mindestens f\u00fcr die Dauer unserer Gesch\u00e4ftsbeziehung auf. W\u00e4hrend unserer Gesch\u00e4ftsbeziehung k\u00f6nnen wir Kontaktinformationen und Daten zur beruflichen Qualifikation (Ver\u00f6ffentlichungen usw.) sammeln. Einige Daten werden aus \u00f6ffentlichen Quellen und Websites bezogen. Rechtsgrundlage: Art. 6 (1) b) DSGVO.<\/li>\n\n\n\n<li>zur Wahrung unserer berechtigten Interessen (Art. 6 (1) f) DSGVO), einschlie\u00dflich der folgenden, Schutz unserer Rechte oder unseres Eigentums, Durchsetzung unserer Nutzungsbedingungen und rechtlichen Hinweise sowie Begr\u00fcndung, Aus\u00fcbung und Verteidigung von Rechtsanspr\u00fcchen<\/li>\n\n\n\n<li>zur Erf\u00fcllung unserer gesetzlichen Verpflichtungen, gerichtlicher Anordnungen oder anderer verbindlicher Entscheidungen. Die Rechtsgrundlage ist insoweit Art. 6 (1) c) DSGVO.<\/li>\n\n\n\n<li>mit Ihrer Einwilligung (Art. 6 (1) a) DSGVO) f\u00fcr andere Zwecke, wie z.B. das Abonnement eines Newsletters; in diesem Fall haben Sie die M\u00f6glichkeit, Ihre Einwilligung jederzeit zu widerrufen.<\/li>\n<\/ul>\n\n\n\n<p class=\"wp-block-paragraph\"><strong>2. Empf\u00e4nger von personenbezogenen Daten<\/strong><\/p>\n\n\n\n<p class=\"wp-block-paragraph\">Neben den oben genannten Empf\u00e4ngern personenbezogener Daten setzen wir auch andere Unternehmen ein, die personenbezogene Daten in unserem Auftrag verarbeiten, beispielsweise f\u00fcr das Hosting, den technischen Support unserer Website, den Versand von Newslettern oder f\u00fcr Analyse- und Werbezwecke. Diese Dienstleister verarbeiten die Daten nur in unserem Auftrag als Auftragsverarbeiter (Art. 28 DSGVO).<br>Dar\u00fcber hinaus \u00fcbermitteln wir personenbezogene Daten an Dritte, wenn dies gesetzlich vorgeschrieben ist, wenn dies zur Geltendmachung und Verteidigung von Rechtsanspr\u00fcchen erforderlich ist oder wenn Dritte bestimmte Dienstleistungen f\u00fcr uns erbringen (z.B. Rechtsanw\u00e4lte, Steuerberater).<\/p>\n\n\n\n<p class=\"wp-block-paragraph\"><strong>3. Cookies<\/strong><\/p>\n\n\n\n<p class=\"wp-block-paragraph\">Neben den oben genannten Verarbeitungszwecken setzen wir Cookies auch dann ein, wenn dies technisch erforderlich ist, um unsere Website oder bestimmte Inhalte anbieten zu k\u00f6nnen oder wenn wir dazu verpflichtet sind. Rechtsgrundlage f\u00fcr den Einsatz notwendiger Cookies ist \u00a7 25 (2) Nr. 2 TTDSG.<br>Technisch nicht notwendige Cookies (z.B. zu Analysezwecken) werden nur mit Ihrer Einwilligung verarbeitet. Die Rechtsgrundlage hierf\u00fcr ist \u00a7 25 (1) 1 TTDSG.<br>Sofern in dieser Datenschutzerkl\u00e4rung nicht anders angegeben, bleiben Cookies so lange gespeichert, wie es zur Erf\u00fcllung der jeweiligen Verarbeitungszwecke erforderlich ist. Sie k\u00f6nnen der Speicherung von Cookies durch Browsereinstellungen widersprechen und diese manuell in Ihren Browsereinstellungen l\u00f6schen. Bitte beachten Sie jedoch, dass einige Cookies f\u00fcr die Nutzung unserer Website oder einzelner Funktionen zwingend erforderlich sein k\u00f6nnen.<\/p>\n\n\n\n<p class=\"wp-block-paragraph\"><strong>4. Regelm\u00e4\u00dfige L\u00f6schung der personenbezogenen Daten<\/strong><\/p>\n\n\n\n<p class=\"wp-block-paragraph\">Soweit in dieser Datenschutzerkl\u00e4rung nicht eine bestimmte Dauer der Datenspeicherung angegeben ist, verarbeiten wir Ihre Daten nur so lange, wie dies f\u00fcr die jeweiligen Zwecke erforderlich ist oder wie es gesetzliche Aufbewahrungspflichten gibt. Nach Wegfall des jeweiligen Verarbeitungszwecks und Ende der Aufbewahrungspflichten werden Ihre Daten routinem\u00e4\u00dfig gel\u00f6scht.<\/p>\n\n\n\n<p class=\"wp-block-paragraph\"><strong>5. Ihre Rechte<\/strong><\/p>\n\n\n\n<p class=\"wp-block-paragraph\">Sie k\u00f6nnen Auskunft \u00fcber Ihre gespeicherten Daten verlangen. Wenn Sie personenbezogene Daten auf der Grundlage eines Vertrags oder einer Einwilligung bereitgestellt haben, haben Sie das Recht, diese Daten in einem standardisierten und maschinenlesbaren Format zu erhalten.<br>In dem nach der DSGVO zul\u00e4ssigen Umfang k\u00f6nnen Sie auch die L\u00f6schung, Berichtigung oder Einschr\u00e4nkung der Verarbeitung Ihrer Daten verlangen.<br>Sie k\u00f6nnen Ihre Einwilligung jederzeit widerrufen, ohne dass die Rechtm\u00e4\u00dfigkeit der Verarbeitung, die auf Ihrer Einwilligung vor deren Widerruf beruht, ber\u00fchrt wird.<\/p>\n\n\n\n<p class=\"wp-block-paragraph\"><strong>Sie k\u00f6nnen der Verarbeitung von Daten, die auf der Grundlage unserer berechtigten Interessen verarbeitet werden, jederzeit unter den Bedingungen des Art. 21 DSGVO widersprechen.<\/strong><\/p>\n\n\n\n<p class=\"wp-block-paragraph\"><strong>6. Kontakt; Beschwerde bei der Aufsichtsbeh\u00f6rde<\/strong><\/p>\n\n\n\n<p class=\"wp-block-paragraph\">Bitte richten Sie Ihre Fragen oder Bedenken hinsichtlich der Verarbeitung Ihrer personenbezogenen Daten an:<\/p>\n\n\n\n<p class=\"wp-block-paragraph\">Europ\u00e4ische F\u00f6deralistische Bewegung (EFB) Wien<br>E-Mail: wien (at) efb.at&nbsp;<\/p>\n\n\n\n<p class=\"wp-block-paragraph\">Bei Fragen und m\u00f6glichen Bedenken hinsichtlich der Datenverarbeitung k\u00f6nnen Sie sich auch an eine Aufsichtsbeh\u00f6rde wenden. Die zust\u00e4ndige Aufsichtsbeh\u00f6rde f\u00fcr die Europ\u00e4ische F\u00f6deralistische Bewegung (EFB) Wien ist:<\/p>\n\n\n\n<p class=\"wp-block-paragraph\">\u00d6sterreichische Datenschutzbeh\u00f6rde<br>Barichgasse 40-42<br>1030 Wien<br>Telefon: +43 1 52 152-0<br>E-Mail:&nbsp;<a href=\"mailto:dsb@dsb.gv.at\" target=\"_blank\" rel=\"noreferrer noopener\">dsb (at) dsb.gv.at<\/a><\/p>\n","protected":false},"excerpt":{"rendered":"<p>Diese Datenschutzhinweise erl\u00e4utern die Verarbeitung Ihrer personenbezogenen Daten durch die Europ\u00e4ische F\u00f6deralistische Bewegung (EFB) Wien, (\u201ewir\u201c) als den f\u00fcr die Verarbeitung Verantwortlichen (Art. 4 Nr. 7 DSGVO) und Ihre Rechte nach der DSGVO. 1. Zwecke der Verarbeitung 1.1. Verarbeitung der von Ihnen bereitgestellten personenbezogenen Daten Wir verarbeiten personenbezogene Daten, die [&hellip;]<\/p>\n","protected":false},"author":8,"featured_media":0,"parent":0,"menu_order":0,"comment_status":"closed","ping_status":"closed","template":"","meta":{"footnotes":""},"class_list":["post-1010","page","type-page","status-publish","hentry"],"_links":{"self":[{"href":"https:\/\/efb.at\/index.php?rest_route=\/wp\/v2\/pages\/1010","targetHints":{"allow":["GET"]}}],"collection":[{"href":"https:\/\/efb.at\/index.php?rest_route=\/wp\/v2\/pages"}],"about":[{"href":"https:\/\/efb.at\/index.php?rest_route=\/wp\/v2\/types\/page"}],"author":[{"embeddable":true,"href":"https:\/\/efb.at\/index.php?rest_route=\/wp\/v2\/users\/8"}],"replies":[{"embeddable":true,"href":"https:\/\/efb.at\/index.php?rest_route=%2Fwp%2Fv2%2Fcomments&post=1010"}],"version-history":[{"count":1,"href":"https:\/\/efb.at\/index.php?rest_route=\/wp\/v2\/pages\/1010\/revisions"}],"predecessor-version":[{"id":1011,"href":"https:\/\/efb.at\/index.php?rest_route=\/wp\/v2\/pages\/1010\/revisions\/1011"}],"wp:attachment":[{"href":"https:\/\/efb.at\/index.php?rest_route=%2Fwp%2Fv2%2Fmedia&parent=1010"}],"curies":[{"name":"wp","href":"https:\/\/api.w.org\/{rel}","templated":true}]}}