{"id":128,"date":"2020-04-04T15:15:02","date_gmt":"2020-04-04T14:15:02","guid":{"rendered":"http:\/\/78.47.153.69\/wordpress\/?page_id=128"},"modified":"2026-04-16T20:37:25","modified_gmt":"2026-04-16T19:37:25","slug":"efb-oberoesterreich","status":"publish","type":"page","link":"https:\/\/efb.at\/?page_id=128","title":{"rendered":"EFB Ober\u00f6sterreich"},"content":{"rendered":"\n<h2 class=\"wp-block-heading\">Team Ober\u00f6sterreich<\/h2>\n\n\n\n<ul class=\"wp-block-list\">\n<li>Ehrenpr\u00e4sidenten: Pr\u00e4sident Dr. Christoph Leitl, Prof. Josef Bauernberger<\/li>\n\n\n\n<li>Landesobmann: Dr. Johannes Seiringer<\/li>\n\n\n\n<li>Landesobmann-Stv.: Lisa Kaum, MSc<\/li>\n\n\n\n<li>Landeskassier: MMag. Dr. Franz Seibert<\/li>\n\n\n\n<li>Schriftf\u00fchrer: Mag. Iris Toto<\/li>\n\n\n\n<li>Schriftf\u00fchrer-Stv.: Mag. Bertin Christelbauer<\/li>\n\n\n\n<li>Vorstandsmitglied (Kultur-Referent): Mag. Alexander Heil<\/li>\n<\/ul>\n\n\n\n<h2 class=\"wp-block-heading\">Aktivit\u00e4ten<\/h2>\n\n\n<ul class=\"wp-block-latest-posts__list has-dates wp-block-latest-posts\"><li><div class=\"wp-block-latest-posts__featured-image alignleft\"><img loading=\"lazy\" decoding=\"async\" width=\"150\" height=\"150\" src=\"https:\/\/efb.at\/wp-content\/uploads\/2026\/02\/WhatsApp-Image-2026-02-09-at-10.09.35-150x150.jpeg\" class=\"attachment-thumbnail size-thumbnail wp-post-image\" alt=\"\" style=\"\" \/><\/div><a class=\"wp-block-latest-posts__post-title\" href=\"https:\/\/efb.at\/?p=700\">Nachbericht: Kamingespr\u00e4ch der EFB O\u00d6 im Februar 2026<\/a><time datetime=\"2026-02-07T17:01:00+01:00\" class=\"wp-block-latest-posts__post-date\">7. Feber 2026<\/time><div class=\"wp-block-latest-posts__post-excerpt\">\u201eReicht das?! Eine Bestandsaufnahme des Diskriminierungsschutzes in \u00d6sterreich und der EU\u201cmit Mag.a Sandra Konstatzky | Leiterin der \u00f6sterreichischen Gleichbehandlungsanwaltschaft Beim ersten Kamingespr\u00e4ch im neuen Jahr freute sich die EFB Ober\u00f6sterreich \u00fcber hochkar\u00e4tigen Besuch aus Wien: Am 6. Februar 2026 erl\u00e4uterte die Leiterin der \u00f6sterreichischen Gleichbehandlungsanwaltschaft Mag.a Sandra Konstatzky den Status\u2026\u00a0<a class=\"wp-block-latest-posts__read-more\" href=\"https:\/\/efb.at\/?p=700\" rel=\"noopener noreferrer\"><span class=\"screen-reader-text\">Nachbericht: Kamingespr\u00e4ch der EFB O\u00d6 im Februar 2026 <\/span>weiterlesen<\/a><\/div><\/li>\n<li><a class=\"wp-block-latest-posts__post-title\" href=\"https:\/\/efb.at\/?p=710\">Nachbericht: Kamingespr\u00e4ch der EFB Ober\u00f6sterreich im Dezember 2025<\/a><time datetime=\"2025-12-11T17:06:00+01:00\" class=\"wp-block-latest-posts__post-date\">11. Dezember 2025<\/time><div class=\"wp-block-latest-posts__post-excerpt\">\u201eF\u00f6deralismus als Erfolgsmodell? \u00d6sterreichische und europ\u00e4ische Perspektiven\u201cmit Dr.in Eva Lichtenberger | ehem. Abgeordnete zum Nationalrat und zum europ\u00e4ischen Parlament (Die Gr\u00fcnen) Das Kamingespr\u00e4ch mit Eva Lichtenberger am 10. Dezember 2025 bildete den kr\u00f6nenden Abschluss eines ereignisreichen Jahres: Unter dem Eindruck neuer Bem\u00fchungen rund um eine Reform des \u00f6sterreichischen F\u00f6deralismus erl\u00e4uterte\u2026\u00a0<a class=\"wp-block-latest-posts__read-more\" href=\"https:\/\/efb.at\/?p=710\" rel=\"noopener noreferrer\"><span class=\"screen-reader-text\">Nachbericht: Kamingespr\u00e4ch der EFB Ober\u00f6sterreich im Dezember 2025 <\/span>weiterlesen<\/a><\/div><\/li>\n<li><div class=\"wp-block-latest-posts__featured-image alignleft\"><img loading=\"lazy\" decoding=\"async\" width=\"150\" height=\"150\" src=\"https:\/\/efb.at\/wp-content\/uploads\/2025\/04\/1000024075-150x150.jpg\" class=\"attachment-thumbnail size-thumbnail wp-post-image\" alt=\"\" style=\"\" \/><\/div><a class=\"wp-block-latest-posts__post-title\" href=\"https:\/\/efb.at\/?p=631\">EFB O\u00d6 Kamingespr\u00e4ch: &#8222;Russlands Krieg gegen die Ukraine und seine Folgen f\u00fcr Europa&#8220;<\/a><time datetime=\"2025-04-09T22:00:00+01:00\" class=\"wp-block-latest-posts__post-date\">9. April 2025<\/time><div class=\"wp-block-latest-posts__post-excerpt\">Beim Kamingespr\u00e4ch am 9. April 2025 am Vereinssitz der EFB Ober\u00f6sterreich in Linz durfte der Landesvorstand der aus dem Fernsehen bekannten Historiker Univ.-Prof. Dr. Wolfgang MUELLER begr\u00fc\u00dfen. Prof. MUELLER ist stellvertretender Vorstand des Instituts f\u00fcr Osteurop\u00e4isch Geschichte an der Universit\u00e4t Wien. Beim ersten Kamingespr\u00e4ch im neuen Jahr am 9. April\u2026\u00a0<a class=\"wp-block-latest-posts__read-more\" href=\"https:\/\/efb.at\/?p=631\" rel=\"noopener noreferrer\"><span class=\"screen-reader-text\">EFB O\u00d6 Kamingespr\u00e4ch: &#8222;Russlands Krieg gegen die Ukraine und seine Folgen f\u00fcr Europa&#8220; <\/span>weiterlesen<\/a><\/div><\/li>\n<li><div class=\"wp-block-latest-posts__featured-image alignleft\"><img loading=\"lazy\" decoding=\"async\" width=\"150\" height=\"150\" src=\"https:\/\/efb.at\/wp-content\/uploads\/2024\/12\/WhatsApp-Image-2024-12-15-at-13.48.09-4-150x150.jpeg\" class=\"attachment-thumbnail size-thumbnail wp-post-image\" alt=\"\" style=\"\" \/><\/div><a class=\"wp-block-latest-posts__post-title\" href=\"https:\/\/efb.at\/?p=574\">EFB O\u00d6 Kamingespr\u00e4ch 2024: \u201eDer Wandel des \u00f6sterreichischen politischen Systems im europ\u00e4ischen Kontext\u201c<\/a><time datetime=\"2024-12-15T14:09:02+01:00\" class=\"wp-block-latest-posts__post-date\">15. Dezember 2024<\/time><div class=\"wp-block-latest-posts__post-excerpt\">Beim diesj\u00e4hrigen Kamingespr\u00e4ch am 11. Dezember 2024 war es der EFB O\u00d6 eine besondere Ehre, mit dem hochdekorierten Politikwissenschaftler Univ.-Prof. Dr. Laurenz Ennser-Jedenastik von der Universit\u00e4t Wien (Institut f\u00fcr Staatswissenschaften) diskutieren zu d\u00fcrfen. Als Referent erkl\u00e4rte Herr Ennser-Jedenastik in seinem Impulsvortrag zun\u00e4chst Einflussfaktoren, welche im Laufe der letzten Jahrzehnte zur\u2026\u00a0<a class=\"wp-block-latest-posts__read-more\" href=\"https:\/\/efb.at\/?p=574\" rel=\"noopener noreferrer\"><span class=\"screen-reader-text\">EFB O\u00d6 Kamingespr\u00e4ch 2024: \u201eDer Wandel des \u00f6sterreichischen politischen Systems im europ\u00e4ischen Kontext\u201c <\/span>weiterlesen<\/a><\/div><\/li>\n<li><div class=\"wp-block-latest-posts__featured-image alignleft\"><img loading=\"lazy\" decoding=\"async\" width=\"150\" height=\"150\" src=\"https:\/\/efb.at\/wp-content\/uploads\/2020\/07\/Georg-Pfeifer-150x150.jpg\" class=\"attachment-thumbnail size-thumbnail wp-post-image\" alt=\"\" style=\"\" \/><\/div><a class=\"wp-block-latest-posts__post-title\" href=\"https:\/\/efb.at\/?p=591\">EFB O\u00d6 Kamingespr\u00e4ch 2020<\/a><time datetime=\"2020-11-14T14:53:00+01:00\" class=\"wp-block-latest-posts__post-date\">14. November 2020<\/time><div class=\"wp-block-latest-posts__post-excerpt\">Das traditionelle Kamingespr\u00e4ch im Bildungshaus Sankt Magdalena fand 2020 am 14. November statt. Als Referent hat Martin Selmayr, Leiter der Vertretung der Europ\u00e4ischen Kommission in \u00d6sterreich, \u00fcber neue Visionen f\u00fcr Europa gesprochen. Selmayr war zuvor Kabinettschef von Kommissionspr\u00e4sident Jean-Claude Juncker und Generalsekret\u00e4r der Europ\u00e4ischen Kommission. Das Kamingespr\u00e4ch wurde von Jakob\u2026\u00a0<a class=\"wp-block-latest-posts__read-more\" href=\"https:\/\/efb.at\/?p=591\" rel=\"noopener noreferrer\"><span class=\"screen-reader-text\">EFB O\u00d6 Kamingespr\u00e4ch 2020 <\/span>weiterlesen<\/a><\/div><\/li>\n<\/ul>\n\n\n<p>In den 1990er- und 2000er-Jahren haben viele Aktivit\u00e4ten gemeinsam mit der Sektion O\u00d6 der \u00d6sterreichisch-Deutschen Kulturgesellschaft, dem Linzer Volksbildungsverein und dem Europahaus Linz stattgefunden.<\/p>\n\n\n\n<h2 class=\"wp-block-heading\">&#8222;Wir Europ\u00e4er&#8220;<\/h2>\n\n\n\n<p>Der ober\u00f6sterreichische Landesverband gibt seit vielen Jahren die Vereinszeitschrift &#8222;Wir Europ\u00e4er&#8220; heraus. Hier ver\u00f6ffentlichen wir die Ausgaben der letzten Jahre.<\/p>\n\n\n\n<figure class=\"wp-block-image size-large\"><img loading=\"lazy\" decoding=\"async\" width=\"539\" height=\"763\" src=\"http:\/\/efb.at\/wp-content\/uploads\/2020\/04\/wir_europ_title.png\" alt=\"\" class=\"wp-image-39\" srcset=\"https:\/\/efb.at\/wp-content\/uploads\/2020\/04\/wir_europ_title.png 539w, https:\/\/efb.at\/wp-content\/uploads\/2020\/04\/wir_europ_title-212x300.png 212w\" sizes=\"auto, (max-width: 539px) 100vw, 539px\" \/><\/figure>\n\n\n\n<ul class=\"wp-block-list\">\n<li><a href=\"http:\/\/78.47.153.69\/wordpress\/wp-content\/uploads\/2020\/04\/WE2016_01.pdf\">2016<\/a><\/li>\n\n\n\n<li><a href=\"http:\/\/78.47.153.69\/wordpress\/wp-content\/uploads\/2020\/04\/WE2015_01.pdf\">2015<\/a><\/li>\n\n\n\n<li><a href=\"http:\/\/78.47.153.69\/wordpress\/wp-content\/uploads\/2020\/04\/WE2014_01.pdf\">2014<\/a><\/li>\n\n\n\n<li><a href=\"http:\/\/78.47.153.69\/wordpress\/wp-content\/uploads\/2020\/04\/WE2013_01.pdf\">2013<\/a><\/li>\n\n\n\n<li><a href=\"http:\/\/78.47.153.69\/wordpress\/wp-content\/uploads\/2020\/04\/WE2012_01.pdf\">2012<\/a><\/li>\n\n\n\n<li><a href=\"http:\/\/78.47.153.69\/wordpress\/wp-content\/uploads\/2020\/04\/WE2011_01.pdf\">2011<\/a><\/li>\n\n\n\n<li><a href=\"http:\/\/78.47.153.69\/wordpress\/wp-content\/uploads\/2020\/04\/WE2010_01.pdf\">2010<\/a><\/li>\n\n\n\n<li><a href=\"http:\/\/78.47.153.69\/wordpress\/wp-content\/uploads\/2020\/04\/WE2009_01.pdf\">2009<\/a><\/li>\n\n\n\n<li><a href=\"http:\/\/78.47.153.69\/wordpress\/wp-content\/uploads\/2020\/04\/WE2008_01-1.pdf\">2008<\/a><\/li>\n\n\n\n<li><a href=\"http:\/\/78.47.153.69\/wordpress\/wp-content\/uploads\/2020\/04\/WE2007_01-1.pdf\">2007<\/a><\/li>\n\n\n\n<li><a href=\"http:\/\/78.47.153.69\/wordpress\/wp-content\/uploads\/2020\/04\/WE2006_01.pdf\">2006<\/a><\/li>\n\n\n\n<li><a href=\"http:\/\/78.47.153.69\/wordpress\/wp-content\/uploads\/2020\/04\/WE2005_01-1.pdf\">2005<\/a><\/li>\n\n\n\n<li><a href=\"http:\/\/78.47.153.69\/wordpress\/wp-content\/uploads\/2020\/04\/WE2004_01-1.pdf\">2004<\/a><\/li>\n\n\n\n<li><a href=\"http:\/\/78.47.153.69\/wordpress\/wp-content\/uploads\/2020\/04\/WE2003_03-1.pdf\">2003 \/ 3<\/a><\/li>\n\n\n\n<li><a href=\"http:\/\/78.47.153.69\/wordpress\/wp-content\/uploads\/2020\/04\/WE2003_02-1.pdf\">2003 \/ 2<\/a><\/li>\n\n\n\n<li><a href=\"http:\/\/78.47.153.69\/wordpress\/wp-content\/uploads\/2020\/04\/WE2003_01-1.pdf\">2003 \/ 1<\/a><\/li>\n\n\n\n<li><a href=\"http:\/\/78.47.153.69\/wordpress\/wp-content\/uploads\/2020\/04\/WE2002_02-1.pdf\">2002 \/ 2<\/a><\/li>\n\n\n\n<li><a href=\"http:\/\/78.47.153.69\/wordpress\/wp-content\/uploads\/2020\/04\/WE2002_01-1.pdf\">2002 \/ 1<\/a><\/li>\n\n\n\n<li><a href=\"http:\/\/78.47.153.69\/wordpress\/wp-content\/uploads\/2020\/04\/WE2001_04.pdf\">2001 \/ 4<\/a><\/li>\n\n\n\n<li><a href=\"http:\/\/78.47.153.69\/wordpress\/wp-content\/uploads\/2020\/04\/WE2001_03-1.pdf\">2001 \/ 3<\/a><\/li>\n\n\n\n<li><a href=\"http:\/\/78.47.153.69\/wordpress\/wp-content\/uploads\/2020\/04\/WE2001_02-1.pdf\">2001 \/ 2<\/a><\/li>\n\n\n\n<li><a href=\"http:\/\/78.47.153.69\/wordpress\/wp-content\/uploads\/2020\/04\/WE2001_01.pdf\">2001 \/ 1<\/a><\/li>\n\n\n\n<li><a href=\"http:\/\/78.47.153.69\/wordpress\/wp-content\/uploads\/2020\/04\/WE2000_04-1.pdf\">2000 \/ 4<\/a><\/li>\n\n\n\n<li><a href=\"http:\/\/78.47.153.69\/wordpress\/wp-content\/uploads\/2020\/04\/WE2000_03-1.pdf\">2000 \/ 3<\/a><\/li>\n\n\n\n<li><a href=\"http:\/\/78.47.153.69\/wordpress\/wp-content\/uploads\/2020\/04\/WE2000_02-1.pdf\">2000 \/ 2<\/a><\/li>\n\n\n\n<li><a href=\"http:\/\/78.47.153.69\/wordpress\/wp-content\/uploads\/2020\/04\/WE2000_01-1.pdf\">2000 \/ 1<\/a><\/li>\n<\/ul>\n\n\n\n<h2 class=\"wp-block-heading\">Impressum<\/h2>\n\n\n\n<p>Verein &#8222;Europ\u00e4ische F\u00f6deralistische Bewegung \u00d6sterreich, Landesverband Ober\u00f6sterreich (kurz: EFBO\u00d6)&#8220;<br>ZVR: 539831365<br>Sitz: Linz.<br>Zustellanschrift: Volksgartenstra\u00dfe 20\/1, 4020 Linz<br>Entstehungsdatum: 17.02.1958<\/p>\n","protected":false},"excerpt":{"rendered":"<p>Team Ober\u00f6sterreich Aktivit\u00e4ten In den 1990er- und 2000er-Jahren haben viele Aktivit\u00e4ten gemeinsam mit der Sektion O\u00d6 der \u00d6sterreichisch-Deutschen Kulturgesellschaft, dem Linzer Volksbildungsverein und dem Europahaus Linz stattgefunden. &#8222;Wir Europ\u00e4er&#8220; Der ober\u00f6sterreichische Landesverband gibt seit vielen Jahren die Vereinszeitschrift &#8222;Wir Europ\u00e4er&#8220; heraus. Hier ver\u00f6ffentlichen wir die Ausgaben der letzten Jahre. Impressum [&hellip;]<\/p>\n","protected":false},"author":1,"featured_media":0,"parent":0,"menu_order":0,"comment_status":"closed","ping_status":"closed","template":"","meta":{"footnotes":""},"class_list":["post-128","page","type-page","status-publish","hentry"],"_links":{"self":[{"href":"https:\/\/efb.at\/index.php?rest_route=\/wp\/v2\/pages\/128","targetHints":{"allow":["GET"]}}],"collection":[{"href":"https:\/\/efb.at\/index.php?rest_route=\/wp\/v2\/pages"}],"about":[{"href":"https:\/\/efb.at\/index.php?rest_route=\/wp\/v2\/types\/page"}],"author":[{"embeddable":true,"href":"https:\/\/efb.at\/index.php?rest_route=\/wp\/v2\/users\/1"}],"replies":[{"embeddable":true,"href":"https:\/\/efb.at\/index.php?rest_route=%2Fwp%2Fv2%2Fcomments&post=128"}],"version-history":[{"count":22,"href":"https:\/\/efb.at\/index.php?rest_route=\/wp\/v2\/pages\/128\/revisions"}],"predecessor-version":[{"id":782,"href":"https:\/\/efb.at\/index.php?rest_route=\/wp\/v2\/pages\/128\/revisions\/782"}],"wp:attachment":[{"href":"https:\/\/efb.at\/index.php?rest_route=%2Fwp%2Fv2%2Fmedia&parent=128"}],"curies":[{"name":"wp","href":"https:\/\/api.w.org\/{rel}","templated":true}]}}