{"id":967,"date":"2026-08-19T20:26:18","date_gmt":"2026-08-19T19:26:18","guid":{"rendered":"https:\/\/efb.at\/?page_id=967"},"modified":"2026-09-01T19:51:04","modified_gmt":"2026-09-01T18:51:04","slug":"efb-wien-entwurf","status":"publish","type":"page","link":"https:\/\/efb.at\/?page_id=967","title":{"rendered":"EFB Wien"},"content":{"rendered":"\n<div class=\"wp-block-group has-background\" style=\"background-color:#f3f5f2;padding-top:72px;padding-right:24px;padding-bottom:72px;padding-left:24px\"><div class=\"wp-block-group__inner-container is-layout-constrained wp-container-core-group-is-layout-8492348b wp-block-group-is-layout-constrained\">\n<p class=\"has-text-color wp-block-paragraph\" style=\"color:#357941;margin-bottom:10px;font-size:13px;font-style:normal;font-weight:700;letter-spacing:2px;text-transform:uppercase\">Landesverband Wien \u00b7 seit 1959<\/p>\n\n\n\n<h1 class=\"wp-block-heading\" style=\"margin-bottom:20px;font-size:52px;font-style:normal;font-weight:800;letter-spacing:-1px;line-height:1.1\">Europa entsteht nicht nur in Br\u00fcssel.<br><mark style=\"background-color:rgba(0, 0, 0, 0);color:#357941\" class=\"has-inline-color\">Sondern auch hier in Wien.<\/mark><\/h1>\n\n\n\n<p class=\"has-text-color wp-block-paragraph\" style=\"color:#5f6660;margin-bottom:30px;font-size:19px;line-height:1.6\">Wir sind die Wiener F\u00f6deralist*innen &#8211; Teil einer europaweiten Bewegung. Wir diskutieren, informieren und arbeiten an Ideen f\u00fcr ein handlungs- und zukunftsf\u00e4higes Europa.<\/p>\n\n\n\n<div class=\"wp-block-buttons is-layout-flex wp-container-core-buttons-is-layout-3f825228 wp-block-buttons-is-layout-flex\">\n<div class=\"wp-block-button\"><a class=\"wp-block-button__link has-text-color has-background has-custom-font-size wp-element-button\" href=\"#termine\" style=\"border-radius:3px;color:#ffffff;background-color:#357941;padding-top:14px;padding-right:24px;padding-bottom:14px;padding-left:24px;font-size:14px;font-style:normal;font-weight:600;letter-spacing:1px;text-transform:uppercase\">N\u00e4chste Termine<\/a><\/div>\n\n\n\n<div class=\"wp-block-button is-style-outline is-style-outline--1\"><a class=\"wp-block-button__link has-text-color has-border-color has-custom-font-size wp-element-button\" href=\"#mitmachen\" style=\"border-color:#357941;border-width:2px;border-radius:3px;color:#357941;padding-top:14px;padding-right:24px;padding-bottom:14px;padding-left:24px;font-size:14px;font-style:normal;font-weight:600;letter-spacing:1px;text-transform:uppercase\">Mitmachen<\/a><\/div>\n<\/div>\n<\/div><\/div>\n\n\n\n<div class=\"wp-block-group\" style=\"padding-top:56px;padding-bottom:48px\"><div class=\"wp-block-group__inner-container is-layout-constrained wp-block-group-is-layout-constrained\">\n<p class=\"has-text-color wp-block-paragraph\" style=\"color:#357941;margin-bottom:6px;font-size:13px;font-style:normal;font-weight:700;letter-spacing:2px;text-transform:uppercase\">Wof\u00fcr wir stehen<\/p>\n\n\n\n<h2 class=\"wp-block-heading\" style=\"margin-bottom:36px;font-size:34px;font-style:normal;font-weight:800;letter-spacing:-0.5px;line-height:1.2\">F\u00f6deralismus ist kein Schlagwort. Er ist ein Bauplan.<\/h2>\n\n\n\n<div class=\"wp-block-columns is-layout-flex wp-container-core-columns-is-layout-d98e733f wp-block-columns-is-layout-flex\">\n<div class=\"wp-block-column is-layout-flow wp-block-column-is-layout-flow\">\n<p class=\"has-text-color wp-block-paragraph\" style=\"color:#357941;margin-bottom:10px;font-size:30px;font-style:normal;font-weight:800;line-height:1\">01<\/p>\n\n\n\n<h3 class=\"wp-block-heading\" style=\"margin-top:0px;margin-bottom:8px;font-size:19px;font-style:normal;font-weight:700;line-height:1.35\">Eine europ\u00e4ische Verfassung<\/h3>\n\n\n\n<p class=\"has-text-color wp-block-paragraph\" style=\"color:#5f6660;margin-top:0px;font-size:15px;line-height:1.65\">Europa braucht eine demokratische und rechtsstaatliche Verfassung. Ein starkes Europ\u00e4isches Parlament gibt den europ\u00e4ischen B\u00fcrger*innen eine echte Stimme.<\/p>\n<\/div>\n\n\n\n<div class=\"wp-block-column is-layout-flow wp-block-column-is-layout-flow\">\n<p class=\"has-text-color wp-block-paragraph\" style=\"color:#357941;margin-bottom:10px;font-size:30px;font-style:normal;font-weight:800;line-height:1\">02<\/p>\n\n\n\n<h3 class=\"wp-block-heading\" style=\"margin-top:0px;margin-bottom:8px;font-size:19px;font-style:normal;font-weight:700;line-height:1.35\">Entscheidungen dort, wo sie wirken<\/h3>\n\n\n\n<p class=\"has-text-color wp-block-paragraph\" style=\"color:#5f6660;margin-top:0px;font-size:15px;line-height:1.65\">F\u00f6deralismus ist das Gegenteil von Zentralismus. Was wir gemeinsam besser l\u00f6sen k\u00f6nnen, entscheiden wir europ\u00e4isch. Was vor Ort besser funktioniert, bleibt dort.<\/p>\n<\/div>\n\n\n\n<div class=\"wp-block-column is-layout-flow wp-block-column-is-layout-flow\">\n<p class=\"has-text-color wp-block-paragraph\" style=\"color:#357941;margin-bottom:10px;font-size:30px;font-style:normal;font-weight:800;line-height:1\">03<\/p>\n\n\n\n<h3 class=\"wp-block-heading\" style=\"margin-top:0px;margin-bottom:8px;font-size:19px;font-style:normal;font-weight:700;line-height:1.35\">Handlungsf\u00e4hig nach au\u00dfen<\/h3>\n\n\n\n<p class=\"has-text-color wp-block-paragraph\" style=\"color:#5f6660;margin-top:0px;font-size:15px;line-height:1.65\">Kein europ\u00e4ischer Staat kann seine Interessen in einer Welt der Gro\u00dfm\u00e4chte allein wirksam vertreten. Europa muss in Au\u00dfen-, Sicherheits- und Handelspolitik gemeinsam entscheiden und handeln k\u00f6nnen.<\/p>\n<\/div>\n<\/div>\n<\/div><\/div>\n\n\n\n<div id=\"termine\" class=\"wp-block-group has-background\" style=\"background-color:#f3f5f2;padding-top:56px;padding-right:24px;padding-bottom:56px;padding-left:24px\"><div class=\"wp-block-group__inner-container is-layout-constrained wp-container-core-group-is-layout-fe1c285a wp-block-group-is-layout-constrained\">\n<p class=\"has-text-color wp-block-paragraph\" style=\"color:#357941;margin-bottom:6px;font-size:13px;font-style:normal;font-weight:700;letter-spacing:2px;text-transform:uppercase\">Termine in Wien<\/p>\n\n\n\n<h2 class=\"wp-block-heading\" style=\"margin-bottom:28px;font-size:34px;font-style:normal;font-weight:800;letter-spacing:-0.5px;line-height:1.2\">Komm einfach vorbei<\/h2>\n\n\n\n<div class=\"wp-block-group has-border-color has-background\" style=\"border-color:#e3e7e2;border-width:1px;border-radius:8px;background-color:#ffffff;margin-bottom:12px;padding-top:20px;padding-right:22px;padding-bottom:20px;padding-left:22px\"><div class=\"wp-block-group__inner-container is-layout-constrained wp-container-core-group-is-layout-354f3c58 wp-block-group-is-layout-constrained\">\n<div class=\"wp-block-columns are-vertically-aligned-center is-layout-flex wp-container-core-columns-is-layout-b1430e28 wp-block-columns-is-layout-flex\">\n<div class=\"wp-block-column is-vertically-aligned-center is-layout-flow wp-block-column-is-layout-flow\" style=\"flex-basis:78px\">\n<p class=\"has-text-align-center has-text-color wp-block-paragraph\" style=\"color:#357941;margin-bottom:2px;font-size:28px;font-style:normal;font-weight:800;line-height:1\">15<\/p>\n\n\n\n<p class=\"has-text-align-center has-text-color wp-block-paragraph\" style=\"color:#5f6660;margin-top:0px;font-size:12px;font-style:normal;font-weight:700;letter-spacing:1.5px;text-transform:uppercase\">Sep<\/p>\n<\/div>\n\n\n\n<div class=\"wp-block-column is-vertically-aligned-center is-layout-flow wp-block-column-is-layout-flow\">\n<p class=\"has-text-color wp-block-paragraph\" style=\"color:#357941;margin-bottom:4px;font-size:12px;font-style:normal;font-weight:700;letter-spacing:1.5px;text-transform:uppercase\">Offen f\u00fcr alle<\/p>\n\n\n\n<h3 class=\"wp-block-heading\" style=\"margin-top:0px;margin-bottom:4px;font-size:19px;font-style:normal;font-weight:700;line-height:1.35\">Treffpunkt Europa: <strong>Update Gleichbehandlung: Wo steht \u00d6sterreich im EU-Vergleich?<\/strong><\/h3>\n\n\n\n<p class=\"has-text-color wp-block-paragraph\" style=\"color:#5f6660;margin-top:0px;margin-bottom:0px;font-size:14px;line-height:1.5\">18:00 \u00b7 mit Mag.a Sandra Konstatzky, Leiterin der Gleichbehandlungsanwaltschaft \u00b7 Anmeldung erforderlich<\/p>\n<\/div>\n\n\n\n<div class=\"wp-block-column is-vertically-aligned-center is-layout-flow wp-block-column-is-layout-flow\" style=\"flex-basis:170px\">\n<div class=\"wp-block-buttons is-layout-flex wp-block-buttons-is-layout-flex\">\n<div class=\"wp-block-button is-style-outline is-style-outline--2\"><a class=\"wp-block-button__link has-text-color has-border-color has-custom-font-size wp-element-button\" href=\"https:\/\/efb.at\/?page_id=742\" style=\"border-color:#357941;border-width:2px;border-radius:3px;color:#357941;padding-top:11px;padding-right:22px;padding-bottom:11px;padding-left:22px;font-size:13px;font-style:normal;font-weight:600;letter-spacing:1px;text-transform:uppercase\">Details<\/a><\/div>\n<\/div>\n<\/div>\n<\/div>\n<\/div><\/div>\n\n\n\n<div class=\"wp-block-group has-border-color has-background\" style=\"border-color:#e3e7e2;border-width:1px;border-radius:8px;background-color:#ffffff;margin-bottom:12px;padding-top:20px;padding-right:22px;padding-bottom:20px;padding-left:22px\"><div class=\"wp-block-group__inner-container is-layout-constrained wp-container-core-group-is-layout-354f3c58 wp-block-group-is-layout-constrained\">\n<div class=\"wp-block-columns are-vertically-aligned-center is-layout-flex wp-container-core-columns-is-layout-b1430e28 wp-block-columns-is-layout-flex\">\n<div class=\"wp-block-column is-vertically-aligned-center is-layout-flow wp-block-column-is-layout-flow\" style=\"flex-basis:78px\">\n<p class=\"has-text-align-center has-text-color wp-block-paragraph\" style=\"color:#357941;margin-bottom:2px;font-size:28px;font-style:normal;font-weight:800;line-height:1\">29<\/p>\n\n\n\n<p class=\"has-text-align-center has-text-color wp-block-paragraph\" style=\"color:#5f6660;margin-top:0px;font-size:12px;font-style:normal;font-weight:700;letter-spacing:1.5px;text-transform:uppercase\">Sep<\/p>\n<\/div>\n\n\n\n<div class=\"wp-block-column is-vertically-aligned-center is-layout-flow wp-block-column-is-layout-flow\">\n<p class=\"has-text-color wp-block-paragraph\" style=\"color:#357941;margin-bottom:4px;font-size:12px;font-style:normal;font-weight:700;letter-spacing:1.5px;text-transform:uppercase\">Offen f\u00fcr alle<\/p>\n\n\n\n<h3 class=\"wp-block-heading\" style=\"margin-top:0px;margin-bottom:4px;font-size:19px;font-style:normal;font-weight:700;line-height:1.35\">Eine Wellenl\u00e4nge f\u00fcr Europa: Wolfgang B\u00f6hm \u00fcber seinen neuen Roman \u201eWellenl\u00e4nge&#8220; im Gespr\u00e4ch mit Robert Menasse<\/h3>\n\n\n\n<p class=\"has-text-color wp-block-paragraph\" style=\"color:#5f6660;margin-top:0px;margin-bottom:0px;font-size:14px;line-height:1.5\">19:00 \u00b7 Anmeldung erforderlich<\/p>\n<\/div>\n\n\n\n<div class=\"wp-block-column is-vertically-aligned-center is-layout-flow wp-block-column-is-layout-flow\" style=\"flex-basis:170px\">\n<div class=\"wp-block-buttons is-layout-flex wp-block-buttons-is-layout-flex\">\n<div class=\"wp-block-button is-style-outline is-style-outline--3\"><a class=\"wp-block-button__link has-text-color has-border-color has-custom-font-size wp-element-button\" href=\"https:\/\/efb.at\/?page_id=739\" style=\"border-color:#357941;border-width:2px;border-radius:3px;color:#357941;padding-top:11px;padding-right:22px;padding-bottom:11px;padding-left:22px;font-size:13px;font-style:normal;font-weight:600;letter-spacing:1px;text-transform:uppercase\">DEtails<\/a><\/div>\n<\/div>\n<\/div>\n<\/div>\n<\/div><\/div>\n\n\n\n<div class=\"wp-block-group has-border-color has-background\" style=\"border-color:#e3e7e2;border-width:1px;border-radius:8px;background-color:#ffffff;margin-bottom:12px;padding-top:20px;padding-right:22px;padding-bottom:20px;padding-left:22px\"><div class=\"wp-block-group__inner-container is-layout-constrained wp-container-core-group-is-layout-354f3c58 wp-block-group-is-layout-constrained\">\n<div class=\"wp-block-columns are-vertically-aligned-center is-layout-flex wp-container-core-columns-is-layout-b1430e28 wp-block-columns-is-layout-flex\">\n<div class=\"wp-block-column is-vertically-aligned-center is-layout-flow wp-block-column-is-layout-flow\" style=\"flex-basis:78px\">\n<p class=\"has-text-align-center has-text-color wp-block-paragraph\" style=\"color:#357941;margin-bottom:2px;font-size:28px;font-style:normal;font-weight:800;line-height:1\">14<\/p>\n\n\n\n<p class=\"has-text-align-center has-text-color wp-block-paragraph\" style=\"color:#5f6660;margin-top:0px;font-size:12px;font-style:normal;font-weight:700;letter-spacing:1.5px;text-transform:uppercase\">OCT<\/p>\n<\/div>\n\n\n\n<div class=\"wp-block-column is-vertically-aligned-center is-layout-flow wp-block-column-is-layout-flow\">\n<p class=\"has-text-color wp-block-paragraph\" style=\"color:#357941;margin-bottom:4px;font-size:12px;font-style:normal;font-weight:700;letter-spacing:1.5px;text-transform:uppercase\">Open to all<\/p>\n\n\n\n<h3 class=\"wp-block-heading\" style=\"margin-top:0px;margin-bottom:4px;font-size:19px;font-style:normal;font-weight:700;line-height:1.35\">Treffpunkt Europa: <strong>EU Enlargement \u2013 One of Europe&#8217;s great success stories we rarely tell<\/strong><\/h3>\n\n\n\n<p class=\"has-text-color wp-block-paragraph\" style=\"color:#5f6660;margin-top:0px;margin-bottom:0px;font-size:14px;line-height:1.5\">18:00 \u00b7 with Mag. Sebastian Sch\u00e4ffer \u00b7 Director of the IDM \u00b7 Registration required<\/p>\n<\/div>\n\n\n\n<div class=\"wp-block-column is-vertically-aligned-center is-layout-flow wp-block-column-is-layout-flow\" style=\"flex-basis:170px\">\n<div class=\"wp-block-buttons is-layout-flex wp-block-buttons-is-layout-flex\">\n<div class=\"wp-block-button is-style-outline is-style-outline--4\"><a class=\"wp-block-button__link has-text-color has-border-color has-custom-font-size wp-element-button\" href=\"https:\/\/efb.at\/?page_id=1092\" style=\"border-color:#357941;border-width:2px;border-radius:3px;color:#357941;padding-top:11px;padding-right:22px;padding-bottom:11px;padding-left:22px;font-size:13px;font-style:normal;font-weight:600;letter-spacing:1px;text-transform:uppercase\">DEtails<\/a><\/div>\n<\/div>\n<\/div>\n<\/div>\n<\/div><\/div>\n<\/div><\/div>\n\n\n\n<div class=\"wp-block-group\" style=\"padding-top:56px;padding-bottom:48px\"><div class=\"wp-block-group__inner-container is-layout-constrained wp-block-group-is-layout-constrained\">\n<p class=\"has-text-color wp-block-paragraph\" style=\"color:#357941;margin-bottom:6px;font-size:13px;font-style:normal;font-weight:700;letter-spacing:2px;text-transform:uppercase\">Aktuelles aus Wien<\/p>\n\n\n\n<h2 class=\"wp-block-heading\" style=\"margin-bottom:10px;font-size:34px;font-style:normal;font-weight:800;letter-spacing:-0.5px;line-height:1.2\">Das war zuletzt los<\/h2>\n\n\n\n<p class=\"has-text-color wp-block-paragraph\" style=\"color:#5f6660;margin-bottom:30px;font-size:16px;line-height:1.6\">Berichte von unseren Diskussionen, Seminaren und Aktionen der letzten Monate.<\/p>\n\n\n<ul class=\"wp-block-latest-posts__list is-grid columns-3 has-dates wp-block-latest-posts\"><li><div class=\"wp-block-latest-posts__featured-image\"><a href=\"https:\/\/efb.at\/?p=883\" aria-label=\"Nachbericht: Treffpunkt Europa: Strommarkt statt Energiekrise\"><img loading=\"lazy\" decoding=\"async\" width=\"750\" height=\"564\" src=\"https:\/\/efb.at\/wp-content\/uploads\/2026\/08\/16509-768x578.jpg\" class=\"attachment-medium_large size-medium_large wp-post-image\" alt=\"\" style=\"\" srcset=\"https:\/\/efb.at\/wp-content\/uploads\/2026\/08\/16509-768x578.jpg 768w, https:\/\/efb.at\/wp-content\/uploads\/2026\/08\/16509-300x226.jpg 300w, https:\/\/efb.at\/wp-content\/uploads\/2026\/08\/16509-1024x771.jpg 1024w, https:\/\/efb.at\/wp-content\/uploads\/2026\/08\/16509-1536x1157.jpg 1536w, https:\/\/efb.at\/wp-content\/uploads\/2026\/08\/16509-2048x1542.jpg 2048w\" sizes=\"auto, (max-width: 750px) 100vw, 750px\" \/><\/a><\/div><a class=\"wp-block-latest-posts__post-title\" href=\"https:\/\/efb.at\/?p=883\">Nachbericht: Treffpunkt Europa: Strommarkt statt Energiekrise<\/a><time datetime=\"2026-08-05T17:04:12+01:00\" class=\"wp-block-latest-posts__post-date\">5. August 2026<\/time><div class=\"wp-block-latest-posts__post-excerpt\">Im Caf\u00e9 Hummel haben wir am 29. Juni mit Harald Stieber, Makro\u00f6konom des Europ\u00e4ischen Parlaments, rege diskutiert. Das ist Teil unseres EFB Wien-Formats Treffpunkt Europa f\u00fcr politische Diskussionen in Wiener Kaffeeh\u00e4usern. Stieber begleitet die europ\u00e4ischen F\u00f6deralisten seit zwei Jahrzehnten \u2013 diese Kontinuit\u00e4t zeigt, wie langfristig die Fragen sind, die wir [&hellip;]<\/div><\/li>\n<li><div class=\"wp-block-latest-posts__featured-image\"><a href=\"https:\/\/efb.at\/?p=878\" aria-label=\"F\u00f6deralismus-Seminar mit Friedhelm Frischenschlager: Was Ventotene uns heute noch sagt\"><img loading=\"lazy\" decoding=\"async\" width=\"750\" height=\"564\" src=\"https:\/\/efb.at\/wp-content\/uploads\/2026\/08\/16062-768x578.jpg\" class=\"attachment-medium_large size-medium_large wp-post-image\" alt=\"\" style=\"\" srcset=\"https:\/\/efb.at\/wp-content\/uploads\/2026\/08\/16062-768x578.jpg 768w, https:\/\/efb.at\/wp-content\/uploads\/2026\/08\/16062-300x226.jpg 300w, https:\/\/efb.at\/wp-content\/uploads\/2026\/08\/16062-1024x771.jpg 1024w, https:\/\/efb.at\/wp-content\/uploads\/2026\/08\/16062-1536x1157.jpg 1536w, https:\/\/efb.at\/wp-content\/uploads\/2026\/08\/16062-2048x1542.jpg 2048w\" sizes=\"auto, (max-width: 750px) 100vw, 750px\" \/><\/a><\/div><a class=\"wp-block-latest-posts__post-title\" href=\"https:\/\/efb.at\/?p=878\">F\u00f6deralismus-Seminar mit Friedhelm Frischenschlager: Was Ventotene uns heute noch sagt<\/a><time datetime=\"2026-08-05T17:01:31+01:00\" class=\"wp-block-latest-posts__post-date\">5. August 2026<\/time><div class=\"wp-block-latest-posts__post-excerpt\">Wie pr\u00e4gt der F\u00f6deralismus Europa? Mit Friedhelm Frischenschlager, EFB-Ehrenpr\u00e4sident, hat die EFB Wien im Caf\u00e9 Ministerium am 18. Juni 2026 dar\u00fcber gesprochen: \u00fcber die Geschichte der europ\u00e4ischen Einigung, die Rolle der F\u00f6deralisten, und \u00fcber ein immer noch brennend aktuelles Dokument, das Ventotene Manifest von 1941. Die europ\u00e4ischen F\u00f6deralisten haben die [&hellip;]<\/div><\/li>\n<li><div class=\"wp-block-latest-posts__featured-image\"><a href=\"https:\/\/efb.at\/?p=956\" aria-label=\"Europaforum Neumarkt 2026\"><img loading=\"lazy\" decoding=\"async\" width=\"750\" height=\"500\" src=\"https:\/\/efb.at\/wp-content\/uploads\/2026\/07\/Europaforum_2026_Sa-398-768x512.jpg\" class=\"attachment-medium_large size-medium_large wp-post-image\" alt=\"\" style=\"\" srcset=\"https:\/\/efb.at\/wp-content\/uploads\/2026\/07\/Europaforum_2026_Sa-398-768x512.jpg 768w, https:\/\/efb.at\/wp-content\/uploads\/2026\/07\/Europaforum_2026_Sa-398-300x200.jpg 300w, https:\/\/efb.at\/wp-content\/uploads\/2026\/07\/Europaforum_2026_Sa-398-1024x683.jpg 1024w, https:\/\/efb.at\/wp-content\/uploads\/2026\/07\/Europaforum_2026_Sa-398-1536x1024.jpg 1536w, https:\/\/efb.at\/wp-content\/uploads\/2026\/07\/Europaforum_2026_Sa-398-2048x1365.jpg 2048w, https:\/\/efb.at\/wp-content\/uploads\/2026\/07\/Europaforum_2026_Sa-398-360x240.jpg 360w\" sizes=\"auto, (max-width: 750px) 100vw, 750px\" \/><\/a><\/div><a class=\"wp-block-latest-posts__post-title\" href=\"https:\/\/efb.at\/?p=956\">Europaforum Neumarkt 2026<\/a><time datetime=\"2026-07-13T22:31:31+01:00\" class=\"wp-block-latest-posts__post-date\">13. Juli 2026<\/time><div class=\"wp-block-latest-posts__post-excerpt\">Beim Europa-Forum Neumarkt, der allj\u00e4hrliche H\u00f6hepunkt der europ\u00e4ischen F\u00f6deralisten in \u00d6sterreich, wurde drei Tage lang offen dar\u00fcber diskutiert, wie Europa sicherer, wettbewerbsf\u00e4higer, nachhaltiger und demokratisch widerstandsf\u00e4higer werden kann. Ein gro\u00dfes Kompliment an die Europ\u00e4ische F\u00f6deralistische Bewegung &#8211; EFB Steiermark und JEF Steiermark f\u00fcr ein inhaltlich starkes und hervorragend organisiertes Europa-Forum [&hellip;]<\/div><\/li>\n<\/ul>\n\n\n<p class=\"wp-block-paragraph\" style=\"margin-top:28px;font-size:15px;font-style:normal;font-weight:700\"><a href=\"https:\/\/efb.at\/?cat=9\">Alle Beitr\u00e4ge ansehen \u2192<\/a><\/p>\n<\/div><\/div>\n\n\n\n<div id=\"mitmachen\" class=\"wp-block-group has-background\" style=\"background-color:#357941;padding-top:58px;padding-right:24px;padding-bottom:58px;padding-left:24px\"><div class=\"wp-block-group__inner-container is-layout-constrained wp-container-core-group-is-layout-5b0759ed wp-block-group-is-layout-constrained\">\n<p class=\"has-text-align-center has-text-color wp-block-paragraph\" style=\"color:#ffffff;margin-top:0px;margin-bottom:8px;font-size:13px;font-style:normal;font-weight:700;letter-spacing:2px;text-transform:uppercase\">Mitmachen<\/p>\n\n\n\n<h2 class=\"wp-block-heading has-text-align-center has-text-color\" style=\"color:#ffffff;margin-top:0px;margin-bottom:10px;font-size:34px;font-style:normal;font-weight:800;letter-spacing:-0.5px;line-height:1.2\">Vier Wege, Teil davon zu werden<\/h2>\n\n\n\n<p class=\"has-text-align-center has-text-color wp-block-paragraph\" style=\"color:#e2ece4;margin-top:0px;margin-bottom:34px;font-size:17px;line-height:1.6\">Du musst nicht gleich beitreten. Such dir aus, wie viel N\u00e4he gerade passt.<\/p>\n\n\n\n<div class=\"wp-block-columns is-layout-flex wp-container-core-columns-is-layout-0e54edb8 wp-block-columns-is-layout-flex\" style=\"margin-bottom:16px\">\n<div class=\"wp-block-column is-layout-flow wp-block-column-is-layout-flow\">\n<div class=\"wp-block-group has-background\" style=\"border-radius:8px;background-color:#ffffff;padding-top:28px;padding-right:26px;padding-bottom:28px;padding-left:26px\"><div class=\"wp-block-group__inner-container is-layout-constrained wp-container-core-group-is-layout-f88623b7 wp-block-group-is-layout-constrained\">\n<p class=\"has-text-color wp-block-paragraph\" style=\"color:#357941;margin-top:0px;margin-bottom:4px;font-size:12px;font-style:normal;font-weight:700;letter-spacing:1.5px;text-transform:uppercase\">Der einfachste Anfang<\/p>\n\n\n\n<h3 class=\"wp-block-heading\" style=\"margin-top:0px;margin-bottom:8px;font-size:20px;font-style:normal;font-weight:700;line-height:1.3\">Zu einer Veranstaltung kommen<\/h3>\n\n\n\n<p class=\"has-text-color wp-block-paragraph\" style=\"color:#5f6660;margin-top:0px;margin-bottom:20px;font-size:15px;line-height:1.6\">Einmal vorbeischauen, zuh\u00f6ren, mitreden. Ohne Mitgliedschaft, ohne Vorkenntnisse.<\/p>\n\n\n\n<div style=\"height:3px\" aria-hidden=\"true\" class=\"wp-block-spacer\"><\/div>\n\n\n\n<div class=\"wp-block-buttons is-layout-flex wp-block-buttons-is-layout-flex\">\n<div class=\"wp-block-button has-custom-width wp-block-button__width-100\"><a class=\"wp-block-button__link has-text-color has-background has-custom-font-size wp-element-button\" href=\"#termine\" style=\"border-radius:3px;color:#ffffff;background-color:#357941;padding-top:12px;padding-right:18px;padding-bottom:12px;padding-left:18px;font-size:13px;font-style:normal;font-weight:600;letter-spacing:1px;text-transform:uppercase\">Zu den Terminen<\/a><\/div>\n<\/div>\n<\/div><\/div>\n<\/div>\n\n\n\n<div class=\"wp-block-column is-layout-flow wp-block-column-is-layout-flow\">\n<div class=\"wp-block-group has-background\" style=\"border-radius:8px;background-color:#ffffff;padding-top:28px;padding-right:26px;padding-bottom:28px;padding-left:26px\"><div class=\"wp-block-group__inner-container is-layout-constrained wp-container-core-group-is-layout-f88623b7 wp-block-group-is-layout-constrained\">\n<p class=\"has-text-color wp-block-paragraph\" style=\"color:#7a8079;margin-top:0px;margin-bottom:4px;font-size:12px;font-style:normal;font-weight:700;letter-spacing:1.5px;text-transform:uppercase\">Auf dem laufenden bleiben<\/p>\n\n\n\n<h3 class=\"wp-block-heading\" style=\"margin-top:0px;margin-bottom:8px;font-size:20px;font-style:normal;font-weight:700;line-height:1.3\">Newsletter abonnieren<\/h3>\n\n\n\n<p class=\"has-text-color wp-block-paragraph\" style=\"color:#5f6660;margin-top:0px;margin-bottom:20px;font-size:15px;line-height:1.6\">Alle paar Wochen ein kurzer \u00dcberblick \u00fcber Termine und europapolitische Debatten. Kostenlos, jederzeit abbestellbar.<\/p>\n\n\n\n<div class=\"wp-block-buttons is-layout-flex wp-block-buttons-is-layout-flex\">\n<div class=\"wp-block-button has-custom-width wp-block-button__width-100 is-style-outline is-style-outline--5\"><a class=\"wp-block-button__link has-text-color has-border-color has-custom-font-size wp-element-button\" href=\"#newsletter\" style=\"border-color:#357941;border-width:2px;border-radius:3px;color:#357941;padding-top:12px;padding-right:18px;padding-bottom:12px;padding-left:18px;font-size:13px;font-style:normal;font-weight:600;letter-spacing:1px;text-transform:uppercase\">Zum Formular<\/a><\/div>\n<\/div>\n<\/div><\/div>\n<\/div>\n<\/div>\n\n\n\n<div class=\"wp-block-columns is-layout-flex wp-container-core-columns-is-layout-eee0efca wp-block-columns-is-layout-flex\">\n<div class=\"wp-block-column is-layout-flow wp-block-column-is-layout-flow\">\n<div class=\"wp-block-group has-background\" style=\"border-radius:8px;background-color:#ffffff;padding-top:28px;padding-right:26px;padding-bottom:28px;padding-left:26px\"><div class=\"wp-block-group__inner-container is-layout-constrained wp-container-core-group-is-layout-f88623b7 wp-block-group-is-layout-constrained\">\n<p class=\"has-text-color wp-block-paragraph\" style=\"color:#357941;margin-top:0px;margin-bottom:4px;font-size:12px;font-style:normal;font-weight:700;letter-spacing:1.5px;text-transform:uppercase\">eine stimme haben<\/p>\n\n\n\n<h3 class=\"wp-block-heading\" style=\"margin-top:0px;margin-bottom:8px;font-size:20px;font-style:normal;font-weight:700;line-height:1.3\">Mitglied werden<\/h3>\n\n\n\n<p class=\"has-text-color wp-block-paragraph\" style=\"color:#5f6660;margin-top:0px;margin-bottom:20px;font-size:15px;line-height:1.6\">Mitreden, mitentscheiden, mitgestalten: bei Veranstaltungen, in Arbeitsgruppen und in der Generalversammlung.<\/p>\n\n\n\n<div class=\"wp-block-buttons is-layout-flex wp-block-buttons-is-layout-flex\">\n<div class=\"wp-block-button has-custom-width wp-block-button__width-100\"><a class=\"wp-block-button__link has-text-color has-background has-custom-font-size wp-element-button\" href=\"https:\/\/efb.at\/?page_id=1018\" style=\"border-radius:3px;color:#ffffff;background-color:#357941;padding-top:12px;padding-right:18px;padding-bottom:12px;padding-left:18px;font-size:13px;font-style:normal;font-weight:600;letter-spacing:1px;text-transform:uppercase\">Beitreten<\/a><\/div>\n<\/div>\n<\/div><\/div>\n<\/div>\n\n\n\n<div class=\"wp-block-column is-layout-flow wp-block-column-is-layout-flow\">\n<div class=\"wp-block-group has-background\" style=\"border-radius:8px;background-color:#ffffff;padding-top:28px;padding-right:26px;padding-bottom:28px;padding-left:26px\"><div class=\"wp-block-group__inner-container is-layout-constrained wp-container-core-group-is-layout-f88623b7 wp-block-group-is-layout-constrained\">\n<p class=\"has-text-color wp-block-paragraph\" style=\"color:#7a8079;margin-top:0px;margin-bottom:4px;font-size:12px;font-style:normal;font-weight:700;letter-spacing:1.5px;text-transform:uppercase\">Die Arbeit erm\u00f6glichen<\/p>\n\n\n\n<h3 class=\"wp-block-heading\" style=\"margin-top:0px;margin-bottom:8px;font-size:20px;font-style:normal;font-weight:700;line-height:1.3\">F\u00f6rdermitglied werden<\/h3>\n\n\n\n<p class=\"has-text-color wp-block-paragraph\" style=\"color:#5f6660;margin-top:0px;margin-bottom:20px;font-size:15px;line-height:1.6\">Wenig Zeit, aber die Arbeit soll weitergehen? Als F\u00f6rdermitglied erm\u00f6glichst du Seminare, Aktionen und \u00d6ffentlichkeitsarbeit.<\/p>\n\n\n\n<div class=\"wp-block-buttons is-layout-flex wp-block-buttons-is-layout-flex\">\n<div class=\"wp-block-button has-custom-width wp-block-button__width-100 is-style-outline is-style-outline--6\"><a class=\"wp-block-button__link has-text-color has-border-color has-custom-font-size wp-element-button\" href=\"https:\/\/efb.at\/?page_id=1056\" style=\"border-color:#357941;border-width:2px;border-radius:3px;color:#357941;padding-top:12px;padding-right:18px;padding-bottom:12px;padding-left:18px;font-size:13px;font-style:normal;font-weight:600;letter-spacing:1px;text-transform:uppercase\">F\u00f6rdern<\/a><\/div>\n<\/div>\n<\/div><\/div>\n<\/div>\n<\/div>\n<\/div><\/div>\n\n\n\n<div class=\"wp-block-group has-background\" style=\"background-color:#f3f5f2;padding-top:52px;padding-right:24px;padding-bottom:52px;padding-left:24px\"><div class=\"wp-block-group__inner-container is-layout-constrained wp-container-core-group-is-layout-eba7dac6 wp-block-group-is-layout-constrained\">\n<p class=\"has-text-color wp-block-paragraph\" style=\"color:#357941;margin-top:0px;margin-bottom:6px;font-size:13px;font-style:normal;font-weight:700;letter-spacing:2px;text-transform:uppercase\">Wo wir dazugeh\u00f6ren<\/p>\n\n\n\n<h2 class=\"wp-block-heading\" style=\"margin-top:0px;margin-bottom:10px;font-size:32px;font-style:normal;font-weight:800;letter-spacing:-0.5px;line-height:1.2\">In Wien verwurzelt &#8211; in Europa vernetzt<\/h2>\n\n\n\n<p class=\"has-text-color wp-block-paragraph\" style=\"color:#5f6660;margin-top:0px;margin-bottom:34px;font-size:17px;line-height:1.6\">Wer bei uns in Wien mitmacht, wird Teil einer Bewegung, die es seit 1946 in ganz Europa gibt. Das hei\u00dft: dieselbe Debatte in Warschau, Rom und Lissabon &#8211; und eine Stimme, die in Br\u00fcssel geh\u00f6rt wird.<\/p>\n\n\n\n<div class=\"wp-block-columns is-layout-flex wp-container-core-columns-is-layout-4aae81df wp-block-columns-is-layout-flex\">\n<div class=\"wp-block-column is-layout-flow wp-block-column-is-layout-flow\">\n<div class=\"wp-block-group has-background\" style=\"border-radius:8px;border-left-color:#357941;border-left-width:4px;background-color:#ffffff;padding-top:26px;padding-right:24px;padding-bottom:26px;padding-left:24px\"><div class=\"wp-block-group__inner-container is-layout-constrained wp-container-core-group-is-layout-617d44e8 wp-block-group-is-layout-constrained\">\n<p class=\"has-text-color wp-block-paragraph\" style=\"color:#357941;margin-top:0px;margin-bottom:6px;font-size:12px;font-style:normal;font-weight:700;letter-spacing:1.5px;text-transform:uppercase\">Vor Ort<\/p>\n\n\n\n<h3 class=\"wp-block-heading\" style=\"margin-top:0px;margin-bottom:8px;font-size:19px;font-style:normal;font-weight:700;line-height:1.3\">EFB Wien<\/h3>\n\n\n\n<p class=\"has-text-color wp-block-paragraph\" style=\"color:#5f6660;margin-top:0px;margin-bottom:0px;font-size:14px;line-height:1.6\">Der Landesverband f\u00fcr Wien, gegr\u00fcndet 1959. Hier finden Stammtische, Seminare und Aktionen statt. Das ist die Ebene, auf der alle mitreden k\u00f6nnen und sich aktiv f\u00fcr Europa einbringen k\u00f6nnen.<\/p>\n<\/div><\/div>\n<\/div>\n\n\n\n<div class=\"wp-block-column is-layout-flow wp-block-column-is-layout-flow\">\n<div class=\"wp-block-group has-background\" style=\"border-radius:8px;border-left-color:#357941;border-left-width:4px;background-color:#ffffff;padding-top:26px;padding-right:24px;padding-bottom:26px;padding-left:24px\"><div class=\"wp-block-group__inner-container is-layout-constrained wp-container-core-group-is-layout-617d44e8 wp-block-group-is-layout-constrained\">\n<p class=\"has-text-color wp-block-paragraph\" style=\"color:#357941;margin-top:0px;margin-bottom:6px;font-size:12px;font-style:normal;font-weight:700;letter-spacing:1.5px;text-transform:uppercase\">\u00d6sterreichweit<\/p>\n\n\n\n<h3 class=\"wp-block-heading\" style=\"margin-top:0px;margin-bottom:8px;font-size:19px;font-style:normal;font-weight:700;line-height:1.3\">EFB \u00d6sterreich<\/h3>\n\n\n\n<p class=\"has-text-color wp-block-paragraph\" style=\"color:#5f6660;margin-top:0px;margin-bottom:10px;font-size:14px;line-height:1.6\">Die Europ\u00e4ische F\u00f6deralistische Bewegung in \u00d6sterreich mit Landesverb\u00e4nden in allen Bundesl\u00e4ndern. <\/p>\n\n\n\n<p class=\"wp-block-paragraph\" style=\"margin-top:0px;margin-bottom:0px;font-size:14px;font-style:normal;font-weight:700\"><a href=\"https:\/\/efb.at\" style=\"color:#2A6134\">Zur Bundesorganisation \u2192<\/a><\/p>\n<\/div><\/div>\n<\/div>\n\n\n\n<div class=\"wp-block-column is-layout-flow wp-block-column-is-layout-flow\">\n<div class=\"wp-block-group has-background\" style=\"border-radius:8px;border-left-color:#357941;border-left-width:4px;background-color:#ffffff;padding-top:26px;padding-right:24px;padding-bottom:26px;padding-left:24px\"><div class=\"wp-block-group__inner-container is-layout-constrained wp-container-core-group-is-layout-617d44e8 wp-block-group-is-layout-constrained\">\n<p class=\"has-text-color wp-block-paragraph\" style=\"color:#357941;margin-top:0px;margin-bottom:6px;font-size:12px;font-style:normal;font-weight:700;letter-spacing:1.5px;text-transform:uppercase\">Europaweit<\/p>\n\n\n\n<h3 class=\"wp-block-heading\" style=\"margin-top:0px;margin-bottom:8px;font-size:19px;font-style:normal;font-weight:700;line-height:1.3\">UEF<\/h3>\n\n\n\n<p class=\"has-text-color wp-block-paragraph\" style=\"color:#5f6660;margin-top:0px;margin-bottom:10px;font-size:14px;line-height:1.6\">Die Union Europ\u00e4ischer F\u00f6deralisten, 1946 in Paris gegr\u00fcndet, mit \u00fcber zwanzig nationalen Sektionen und einem Generalsekretariat in Br\u00fcssel. EFB \u00d6sterreich ist die \u00f6sterreichische Sektion.<\/p>\n\n\n\n<p class=\"wp-block-paragraph\" style=\"margin-top:0px;margin-bottom:0px;font-size:14px;font-style:normal;font-weight:700\"><a href=\"https:\/\/www.federalists.eu\" target=\"_blank\" rel=\"noreferrer noopener\" style=\"color:#2A6134\">Zur UEF \u2192<\/a><\/p>\n<\/div><\/div>\n<\/div>\n<\/div>\n<\/div><\/div>\n\n\n\n<div id=\"team\" class=\"wp-block-group\" style=\"padding-top:56px;padding-bottom:52px\"><div class=\"wp-block-group__inner-container is-layout-constrained wp-block-group-is-layout-constrained\">\n<p class=\"has-text-color wp-block-paragraph\" style=\"color:#357941;margin-bottom:6px;font-size:13px;font-style:normal;font-weight:700;letter-spacing:2px;text-transform:uppercase\">Das Team<\/p>\n\n\n\n<h2 class=\"wp-block-heading\" style=\"margin-bottom:10px;font-size:34px;font-style:normal;font-weight:800;letter-spacing:-0.5px;line-height:1.2\">Hinter EFB Wien stecken Menschen, keine Institution<\/h2>\n\n\n\n<p class=\"has-text-color wp-block-paragraph\" style=\"color:#5f6660;margin-bottom:34px;font-size:17px;line-height:1.6\">Menschen verschiedenster Profession &#8211; verbunden durch die \u00dcberzeugung, dass Europa mehr sein kann als ein Binnenmarkt. <\/p>\n\n\n\n<div class=\"wp-block-columns is-layout-flex wp-container-core-columns-is-layout-a43ecad8 wp-block-columns-is-layout-flex\">\n<div class=\"wp-block-column is-layout-flow wp-block-column-is-layout-flow\">\n<figure class=\"wp-block-image size-full\"><img loading=\"lazy\" decoding=\"async\" width=\"528\" height=\"528\" src=\"https:\/\/efb.at\/wp-content\/uploads\/2026\/08\/Portrait_AlexandraSchantl.png\" alt=\"\" class=\"wp-image-1045\" srcset=\"https:\/\/efb.at\/wp-content\/uploads\/2026\/08\/Portrait_AlexandraSchantl.png 528w, https:\/\/efb.at\/wp-content\/uploads\/2026\/08\/Portrait_AlexandraSchantl-300x300.png 300w, https:\/\/efb.at\/wp-content\/uploads\/2026\/08\/Portrait_AlexandraSchantl-150x150.png 150w\" sizes=\"auto, (max-width: 528px) 100vw, 528px\" \/><\/figure>\n\n\n\n<h3 class=\"wp-block-heading\" style=\"margin-top:0px;margin-bottom:2px;font-size:19px;font-style:normal;font-weight:700;line-height:1.3\">Alexandra Schantl<\/h3>\n\n\n\n<p class=\"has-text-color wp-block-paragraph\" style=\"color:#357941;margin-top:0px;margin-bottom:8px;font-size:13px;font-style:normal;font-weight:700;letter-spacing:1px;text-transform:uppercase\">Vorsitzende <\/p>\n\n\n\n<p class=\"has-text-color wp-block-paragraph\" style=\"color:#5f6660;margin-top:0px;margin-bottom:0px;font-size:14px;line-height:1.6\">XXX<\/p>\n<\/div>\n\n\n\n<div class=\"wp-block-column is-layout-flow wp-block-column-is-layout-flow\">\n<p class=\"has-text-align-center has-text-color has-background wp-block-paragraph\" style=\"border-radius:8px;color:#7a8079;background-color:#f3f5f2;margin-top:0px;margin-bottom:14px;padding-top:64px;padding-bottom:64px;font-size:13px\">Foto<\/p>\n\n\n\n<h3 class=\"wp-block-heading\" style=\"margin-top:0px;margin-bottom:2px;font-size:19px;font-style:normal;font-weight:700;line-height:1.3\">Anne Favre<\/h3>\n\n\n\n<p class=\"has-text-color wp-block-paragraph\" style=\"color:#357941;margin-top:0px;margin-bottom:8px;font-size:13px;font-style:normal;font-weight:700;letter-spacing:1px;text-transform:uppercase\">Stellvertretung<\/p>\n\n\n\n<p class=\"has-text-color wp-block-paragraph\" style=\"color:#5f6660;margin-top:0px;margin-bottom:0px;font-size:14px;line-height:1.6\">XXX<\/p>\n<\/div>\n\n\n\n<div class=\"wp-block-column is-layout-flow wp-block-column-is-layout-flow\">\n<figure class=\"wp-block-image size-full\"><img loading=\"lazy\" decoding=\"async\" width=\"2560\" height=\"2560\" src=\"https:\/\/efb.at\/wp-content\/uploads\/2026\/08\/Bild_Sabine_Radl-2025-edited-scaled.jpg\" alt=\"\" class=\"wp-image-1042\" srcset=\"https:\/\/efb.at\/wp-content\/uploads\/2026\/08\/Bild_Sabine_Radl-2025-edited-scaled.jpg 2560w, https:\/\/efb.at\/wp-content\/uploads\/2026\/08\/Bild_Sabine_Radl-2025-edited-300x300.jpg 300w, https:\/\/efb.at\/wp-content\/uploads\/2026\/08\/Bild_Sabine_Radl-2025-edited-1024x1024.jpg 1024w, https:\/\/efb.at\/wp-content\/uploads\/2026\/08\/Bild_Sabine_Radl-2025-edited-150x150.jpg 150w, https:\/\/efb.at\/wp-content\/uploads\/2026\/08\/Bild_Sabine_Radl-2025-edited-768x768.jpg 768w, https:\/\/efb.at\/wp-content\/uploads\/2026\/08\/Bild_Sabine_Radl-2025-edited-1536x1536.jpg 1536w, https:\/\/efb.at\/wp-content\/uploads\/2026\/08\/Bild_Sabine_Radl-2025-edited-2048x2048.jpg 2048w\" sizes=\"auto, (max-width: 2560px) 100vw, 2560px\" \/><\/figure>\n\n\n\n<h3 class=\"wp-block-heading\" style=\"margin-top:0px;margin-bottom:2px;font-size:19px;font-style:normal;font-weight:700;line-height:1.3\">Sabine Radl<\/h3>\n\n\n\n<p class=\"has-text-color wp-block-paragraph\" style=\"color:#357941;margin-top:0px;margin-bottom:8px;font-size:13px;font-style:normal;font-weight:700;letter-spacing:1px;text-transform:uppercase\">Stellvertretung<\/p>\n\n\n\n<p class=\"has-text-color wp-block-paragraph\" style=\"color:#5f6660;margin-top:0px;margin-bottom:0px;font-size:14px;line-height:1.6\">XXX<\/p>\n<\/div>\n\n\n\n<div class=\"wp-block-column is-layout-flow wp-block-column-is-layout-flow\">\n<figure class=\"wp-block-image size-large\"><img loading=\"lazy\" decoding=\"async\" width=\"1417\" height=\"1417\" src=\"https:\/\/efb.at\/wp-content\/uploads\/2026\/08\/FriedhelmFrischenschlager-edited.jpg\" alt=\"\" class=\"wp-image-1043\" srcset=\"https:\/\/efb.at\/wp-content\/uploads\/2026\/08\/FriedhelmFrischenschlager-edited.jpg 1417w, https:\/\/efb.at\/wp-content\/uploads\/2026\/08\/FriedhelmFrischenschlager-edited-300x300.jpg 300w, https:\/\/efb.at\/wp-content\/uploads\/2026\/08\/FriedhelmFrischenschlager-edited-1024x1024.jpg 1024w, https:\/\/efb.at\/wp-content\/uploads\/2026\/08\/FriedhelmFrischenschlager-edited-150x150.jpg 150w, https:\/\/efb.at\/wp-content\/uploads\/2026\/08\/FriedhelmFrischenschlager-edited-768x768.jpg 768w\" sizes=\"auto, (max-width: 1417px) 100vw, 1417px\" \/><\/figure>\n\n\n\n<h3 class=\"wp-block-heading\" style=\"margin-top:0px;margin-bottom:2px;font-size:19px;font-style:normal;font-weight:700;line-height:1.3\">Dr. Friedhelm Frischenschlager<\/h3>\n\n\n\n<p class=\"has-text-color wp-block-paragraph\" style=\"color:#357941;margin-top:0px;margin-bottom:8px;font-size:13px;font-style:normal;font-weight:700;letter-spacing:1px;text-transform:uppercase\">Stellvertretung<\/p>\n\n\n\n<p class=\"has-text-color wp-block-paragraph\" style=\"color:#5f6660;margin-top:0px;margin-bottom:0px;font-size:14px;line-height:1.6\">XXX<\/p>\n<\/div>\n<\/div>\n<\/div><\/div>\n\n\n\n<div id=\"newsletter\" class=\"wp-block-group has-background\" style=\"background-color:#f3f5f2;padding-top:52px;padding-right:24px;padding-bottom:52px;padding-left:24px\"><div class=\"wp-block-group__inner-container is-layout-constrained wp-container-core-group-is-layout-eba7dac6 wp-block-group-is-layout-constrained\">\n<div class=\"wp-block-columns is-layout-flex wp-container-core-columns-is-layout-8f61086a wp-block-columns-is-layout-flex\">\n<div class=\"wp-block-column is-layout-flow wp-block-column-is-layout-flow\" style=\"flex-basis:42%\">\n<p class=\"has-text-color wp-block-paragraph\" style=\"color:#357941;margin-top:0px;margin-bottom:6px;font-size:13px;font-style:normal;font-weight:700;letter-spacing:2px;text-transform:uppercase\">Newsletter<\/p>\n\n\n\n<h2 class=\"wp-block-heading\" style=\"margin-top:0px;margin-bottom:10px;font-size:27px;font-style:normal;font-weight:800;letter-spacing:-0.5px;line-height:1.25\">Nichts verpassen, was in Wien passiert<\/h2>\n\n\n\n<p class=\"has-text-color wp-block-paragraph\" style=\"color:#5f6660;margin-top:0px;margin-bottom:0px;font-size:15px;line-height:1.6\">Alle paar Wochen ein kurzer \u00dcberblick \u00fcber Termine und europapolitische Debatten. Kostenlos und jederzeit abbestellbar.<\/p>\n\n\n\n<p class=\"has-text-color wp-block-paragraph\" style=\"color:#357941;margin-top:26px;margin-bottom:10px;font-size:12px;font-style:normal;font-weight:700;letter-spacing:1.5px;text-transform:uppercase\">Oder folgE uns<\/p>\n\n\n\n<div class=\"wp-block-buttons is-layout-flex wp-container-core-buttons-is-layout-2cc8d8df wp-block-buttons-is-layout-flex\">\n<div class=\"wp-block-button is-style-outline is-style-outline--7\"><a class=\"wp-block-button__link has-text-color has-border-color has-custom-font-size wp-element-button\" href=\"http:\/\/instagram.com\/efbwien\" style=\"border-color:#357941;border-width:2px;border-radius:3px;color:#357941;padding-top:10px;padding-right:20px;padding-bottom:10px;padding-left:20px;font-size:13px;font-style:normal;font-weight:600;letter-spacing:1px;text-transform:uppercase\" target=\"_blank\" rel=\"noreferrer noopener\">Instagram<\/a><\/div>\n\n\n\n<div class=\"wp-block-button is-style-outline is-style-outline--8\"><a class=\"wp-block-button__link has-text-color has-border-color has-custom-font-size wp-element-button\" href=\"https:\/\/www.linkedin.com\/company\/europ%C3%A4ische-f%C3%B6deralistische-bewegung-efb-wien\" style=\"border-color:#357941;border-width:2px;border-radius:3px;color:#357941;padding-top:10px;padding-right:20px;padding-bottom:10px;padding-left:20px;font-size:13px;font-style:normal;font-weight:600;letter-spacing:1px;text-transform:uppercase\" target=\"_blank\" rel=\"noreferrer noopener\">LinkedIn<\/a><\/div>\n<\/div>\n<\/div>\n\n\n\n<div class=\"wp-block-column is-layout-flow wp-block-column-is-layout-flow\">\n<div id=\"efb-newsletter\">\n<style>\n#efb-newsletter form { margin: 0; }\n#efb-newsletter .efb-row { display: flex; gap: 10px; }\n#efb-newsletter .efb-row > div { flex: 1; }\n#efb-newsletter label {\n  display: block;\n  font-size: 13px;\n  font-weight: 600;\n  color: #5f6660;\n  margin-bottom: 4px;\n}\n#efb-newsletter input[type=\"email\"],\n#efb-newsletter input[type=\"text\"],\n#efb-newsletter select {\n  width: 100%;\n  padding: 12px 14px;\n  margin-bottom: 12px;\n  border: 1px solid #d5dbd4;\n  border-radius: 3px;\n  background: #ffffff;\n  font-size: 15px;\n  font-family: inherit;\n  color: #22261f;\n  box-sizing: border-box;\n}\n#efb-newsletter input:focus,\n#efb-newsletter select:focus {\n  outline: 2px solid #357941;\n  outline-offset: 1px;\n  border-color: #357941;\n}\n#efb-newsletter input[type=\"submit\"] {\n  width: 100%;\n  padding: 13px 20px;\n  margin-top: 4px;\n  border: none;\n  border-radius: 3px;\n  background: #357941;\n  color: #ffffff;\n  font-size: 13px;\n  font-family: inherit;\n  font-weight: 600;\n  letter-spacing: 1px;\n  text-transform: uppercase;\n  cursor: pointer;\n}\n#efb-newsletter input[type=\"submit\"]:hover { background: #2A6134; }\n#efb-newsletter .efb-hint { font-size: 12.5px; color: #7a8079; margin: 10px 0 0; line-height: 1.5; }\n#efb-newsletter .efb-hint a { color: #2A6134; }\n#efb-newsletter .efb-badge { margin: 14px 0 0; }\n#efb-newsletter .efb-badge img { width: 150px; height: auto; opacity: .55; }\n<\/style>\n\n<form action=\"https:\/\/efb.us17.list-manage.com\/subscribe\/post?u=29b0ee0cffee1b67d63171876&amp;id=e82787c70b&amp;f_id=0028f5e2f0\" method=\"post\" id=\"mc-embedded-subscribe-form\" name=\"mc-embedded-subscribe-form\" target=\"_blank\">\n\n  <div class=\"efb-row\">\n    <div>\n      <label for=\"mce-FNAME\">Vorname<\/label>\n      <input type=\"text\" name=\"FNAME\" id=\"mce-FNAME\" value=\"\">\n    <\/div>\n    <div>\n      <label for=\"mce-LNAME\">Nachname<\/label>\n      <input type=\"text\" name=\"LNAME\" id=\"mce-LNAME\" value=\"\">\n    <\/div>\n  <\/div>\n\n  <label for=\"mce-EMAIL\">E-Mail-Adresse *<\/label>\n  <input type=\"email\" name=\"EMAIL\" id=\"mce-EMAIL\" required=\"\" value=\"\">\n\n  <label for=\"mce-STATE\">Landesverband *<\/label>\n  <select name=\"STATE\" id=\"mce-STATE\" required=\"\">\n    <option value=\"Wien\" selected=\"\">Wien<\/option>\n    <option value=\"Burgenland\">Burgenland<\/option>\n    <option value=\"K\u00e4rnten\">K\u00e4rnten<\/option>\n    <option value=\"Nieder\u00f6sterreich\">Nieder\u00f6sterreich<\/option>\n    <option value=\"Ober\u00f6sterreich\">Ober\u00f6sterreich<\/option>\n    <option value=\"Salzburg\">Salzburg<\/option>\n    <option value=\"Steiermark\">Steiermark<\/option>\n    <option value=\"Tirol\">Tirol<\/option>\n    <option value=\"Vorarlberg\">Vorarlberg<\/option>\n  <\/select>\n\n  <div aria-hidden=\"true\" style=\"position:absolute;left:-5000px\">\n    <input type=\"text\" name=\"b_29b0ee0cffee1b67d63171876_e82787c70b\" tabindex=\"-1\" value=\"\">\n  <\/div>\n\n  <input type=\"submit\" name=\"subscribe\" id=\"mc-embedded-subscribe\" value=\"Newsletter abonnieren\">\n\n  <p class=\"efb-hint\">Wir versenden \u00fcber Mailchimp und geben deine Daten nicht weiter. Mehr dazu in unserer <a href=\"https:\/\/efb.at\/?page_id=1010\">Datenschutzerkl\u00e4rung<\/a>.<\/p>\n\n  <p class=\"efb-badge\"><a href=\"http:\/\/eepurl.com\/-RMCL-Ild6\" title=\"Mailchimp - email marketing made easy and fun\" target=\"_blank\" rel=\"noopener\"><img decoding=\"async\" src=\"https:\/\/digitalasset.intuit.com\/render\/content\/dam\/intuit\/mc-fe\/en_us\/images\/intuit-mc-rewards-text-dark.svg\" alt=\"Intuit Mailchimp\"><\/a><\/p>\n\n<\/form>\n<\/div>\n<\/div>\n<\/div>\n<\/div><\/div>\n\n\n\n<p class=\"wp-block-paragraph\"><\/p>\n\n\n\n<p class=\"wp-block-paragraph\"><\/p>\n\n\n\n<p class=\"wp-block-paragraph\"><\/p>\n\n\n\n<p class=\"wp-block-paragraph\"><\/p>\n\n\n\n<p class=\"wp-block-paragraph\"><\/p>\n\n\n\n<p class=\"wp-block-paragraph\"><\/p>\n\n\n\n<p class=\"has-text-color wp-block-paragraph\" style=\"color:#357941;margin-top:0px;margin-bottom:6px;font-size:12px;font-style:normal;font-weight:700;letter-spacing:1.5px;text-transform:uppercase\">Impressum<\/p>\n\n\n\n<p class=\"wp-block-paragraph\" style=\"margin-top:0px;margin-bottom:26px;line-height:1.85\"><strong>Verein Europ\u00e4ische F\u00f6deralistische Bewegung Wien<\/strong><br>Union Europ\u00e4ischer F\u00f6deralisten \u00d6sterreich, Landesverband Wien \u00b7 Kurzbezeichnung: EFB Wien<br>XXX Wien \u00b7 ZVR 539248885 \u00b7 gegr\u00fcndet am 17. J\u00e4nner 1959<br>wien@efb.at<\/p>\n\n\n\n<p class=\"has-text-color wp-block-paragraph\" style=\"color:#357941;margin-top:0px;margin-bottom:6px;font-size:12px;font-style:normal;font-weight:700;letter-spacing:1.5px;text-transform:uppercase\">Vertretungsbefugt<\/p>\n\n\n\n<p class=\"wp-block-paragraph\" style=\"margin-top:0px;margin-bottom:26px;line-height:1.85\">Alexandra Schantl (Vorsitzende) \u00b7 Anne Favre (Stellvertretung) \u00b7 Sabine Radl (Stellvertretung) \u00b7 Dr. Friedhelm Frischenschlager (Stellvertretung)<\/p>\n\n\n\n<p class=\"has-text-color wp-block-paragraph\" style=\"color:#357941;margin-top:0px;margin-bottom:6px;font-size:12px;font-style:normal;font-weight:700;letter-spacing:1.5px;text-transform:uppercase\">Grundlegende Richtung (\u00a7 25 MedienG)<\/p>\n\n\n\n<p class=\"wp-block-paragraph\" style=\"margin-top:0px;margin-bottom:26px;line-height:1.8\">EFB Wien ist ein gemeinn\u00fctziger, nicht auf Gewinn gerichteter Verein. Die Website informiert \u00fcber Veranstaltungen, Positionen und T\u00e4tigkeiten des Landesverbands und tritt f\u00fcr ein demokratisch verfasstes, f\u00f6deral organisiertes und handlungsf\u00e4higes Europa ein.<\/p>\n\n\n\n<p class=\"has-text-color wp-block-paragraph\" style=\"color:#5f6660;margin-top:0px;margin-bottom:0px;font-size:14px;line-height:1.8\">Vereinsbeh\u00f6rde: Landespolizeidirektion Wien \u00b7 Rechtsgrundlage: Vereinsgesetz 2002 (<a style=\"color:#2A6134\" href=\"https:\/\/www.ris.bka.gv.at\" target=\"_blank\" rel=\"noreferrer noopener\">ris.bka.gv.at<\/a>) \u00b7 F\u00fcr Inhalte externer Links ist der jeweilige Anbieter verantwortlich  \u00b7 <a style=\"color:#2A6134\" href=\"https:\/\/efb.at\/?page_id=1010\">Datenschutzerkl\u00e4rung<\/a><\/p>\n\n\n\n<p class=\"wp-block-paragraph\"><\/p>\n","protected":false},"excerpt":{"rendered":"<p>Landesverband Wien \u00b7 seit 1959 Europa entsteht nicht nur in Br\u00fcssel.Sondern auch hier in Wien. Wir sind die Wiener F\u00f6deralist*innen &#8211; Teil einer europaweiten Bewegung. Wir diskutieren, informieren und arbeiten an Ideen f\u00fcr ein handlungs- und zukunftsf\u00e4higes Europa. Wof\u00fcr wir stehen F\u00f6deralismus ist kein Schlagwort. Er ist ein Bauplan. 01 [&hellip;]<\/p>\n","protected":false},"author":8,"featured_media":0,"parent":2,"menu_order":0,"comment_status":"closed","ping_status":"closed","template":"","meta":{"footnotes":""},"class_list":["post-967","page","type-page","status-publish","hentry"],"_links":{"self":[{"href":"https:\/\/efb.at\/index.php?rest_route=\/wp\/v2\/pages\/967","targetHints":{"allow":["GET"]}}],"collection":[{"href":"https:\/\/efb.at\/index.php?rest_route=\/wp\/v2\/pages"}],"about":[{"href":"https:\/\/efb.at\/index.php?rest_route=\/wp\/v2\/types\/page"}],"author":[{"embeddable":true,"href":"https:\/\/efb.at\/index.php?rest_route=\/wp\/v2\/users\/8"}],"replies":[{"embeddable":true,"href":"https:\/\/efb.at\/index.php?rest_route=%2Fwp%2Fv2%2Fcomments&post=967"}],"version-history":[{"count":63,"href":"https:\/\/efb.at\/index.php?rest_route=\/wp\/v2\/pages\/967\/revisions"}],"predecessor-version":[{"id":1109,"href":"https:\/\/efb.at\/index.php?rest_route=\/wp\/v2\/pages\/967\/revisions\/1109"}],"up":[{"embeddable":true,"href":"https:\/\/efb.at\/index.php?rest_route=\/wp\/v2\/pages\/2"}],"wp:attachment":[{"href":"https:\/\/efb.at\/index.php?rest_route=%2Fwp%2Fv2%2Fmedia&parent=967"}],"curies":[{"name":"wp","href":"https:\/\/api.w.org\/{rel}","templated":true}]}}